{"id":166,"date":"2019-12-11T22:43:45","date_gmt":"2019-12-11T22:43:45","guid":{"rendered":"https:\/\/udcas.pt\/site\/?page_id=166"},"modified":"2025-06-16T16:50:47","modified_gmt":"2025-06-16T16:50:47","slug":"inscricao","status":"publish","type":"page","link":"https:\/\/udcas.pt\/site\/inscricao\/","title":{"rendered":"Inscri\u00e7\u00e3o"},"content":{"rendered":"<!--themify_builder_content-->\n<div id=\"themify_builder_content-166\" data-postid=\"166\" class=\"themify_builder_content themify_builder_content-166 themify_builder tf_clear\">\n    \t\t\t<!-- module_row -->\n\t<div  data-lazy=\"1\" class=\"module_row themify_builder_row tb_87xd850 tb_first tf_w tf_clearfix\">\n\t    \t\t\t<div class=\"row_inner col_align_top tb_col_count_1 tf_box tf_rel\">\n\t\t            <div  data-lazy=\"1\" class=\"module_column tb-column col-full tb_9ije851 first\">\n                                                        <div class=\"tb-column-inner tf_box tf_w\">\n                        <!-- module fancy heading -->\n<div  class=\"module module-fancy-heading tb_t0gq864  wow\" data-tf-animation=\"rotateIn\" data-lazy=\"1\">\n        <h1 class=\"fancy-heading\">\n    <span class=\"main-head tf_block\">\n\t\t\t\t\tINSCRI\u00c7\u00c3O\t\t    <\/span>\n\n\t\n    <span class=\"sub-head tf_block tf_rel\">\n\t\t\t\t\t\t\t    <\/span>\n    <\/h1>\n<\/div>\n<!-- \/module fancy heading -->\n                    <\/div><!-- .tb-column-inner -->\n                            <\/div><!-- .module_column -->\n            \t    <\/div><!-- .row_inner -->\n\t<\/div><!-- .module_row -->\n\t\t\t\t<!-- module_row -->\n\t<div  data-lazy=\"1\" class=\"module_row themify_builder_row tb_i61h520 tf_w tf_clearfix\">\n\t    \t\t\t<div class=\"row_inner col_align_top tb_col_count_1 tf_box tf_rel\">\n\t\t            <div  data-lazy=\"1\" class=\"module_column tb-column col-full tb_bhls521 first\">\n                                                        <div class=\"tb-column-inner tf_box tf_w\">\n                        <!-- module divider -->\n<div  class=\"module tf_mw module-divider tb_6odr829 solid   \" style=\"border-width: 2px;border-color: #fa0000;\" data-lazy=\"1\">\n    <\/div>\n<!-- \/module divider -->\n                    <\/div><!-- .tb-column-inner -->\n                            <\/div><!-- .module_column -->\n            \t    <\/div><!-- .row_inner -->\n\t<\/div><!-- .module_row -->\n\t\t\t\t<!-- module_row -->\n\t<div  data-lazy=\"1\" class=\"module_row themify_builder_row tb_tzwd377 tf_w tf_clearfix\">\n\t    \t\t\t<div class=\"row_inner col_align_top tb_col_count_1 tf_box tf_rel\">\n\t\t            <div  data-lazy=\"1\" class=\"module_column tb-column tb_ovb0193 first\">\n                                                        <div class=\"tb-column-inner tf_box tf_w\">\n                        <!-- module text -->\n<div  class=\"module module-text tb_kl4t582   \" data-lazy=\"1\">\n        <div  class=\"tb_text_wrap\">\n    <p>Torna-te\u00a0<em>S\u00f3cio<\/em> da Uni\u00e3o Desportiva e Cultural de Aldeia do Sobralinho.<\/p>\n<p><strong style=\"color: #000000; font-size: 1.6em; background-color: initial; letter-spacing: -0.008em;\">Atreve-te a pertencer a esta fam\u00edlia<\/strong><\/p>    <\/div>\n<\/div>\n<!-- \/module text -->                    <\/div><!-- .tb-column-inner -->\n                            <\/div><!-- .module_column -->\n            \t    <\/div><!-- .row_inner -->\n\t<\/div><!-- .module_row -->\n\t\t\t\t<!-- module_row -->\n\t<div  data-lazy=\"1\" class=\"module_row themify_builder_row tb_8mba520 tf_w tf_clearfix\">\n\t    \t\t\t<div class=\"row_inner col_align_top tb_col_count_1 tf_box tf_rel\">\n\t\t            <div  data-lazy=\"1\" class=\"module_column tb-column col-full tb_6011520 first\">\n                                                        <div class=\"tb-column-inner tf_box tf_w\">\n                        <!-- module callout -->\n<div  class=\"module ui module-callout tb_p2vj0 button-right tb_default_color  rounded\" data-lazy=\"1\">\n    \n    <div class=\"callout-inner\">\n\t<div class=\"callout-content tf_left\">\n\t    <h3 class=\"callout-heading\">Inscri\u00e7\u00e3o S\u00f3cio<\/h3>\n\t    <div class=\"tb_text_wrap\">\n\t\t\tEntregue devidamente preenchida, e com uma foto, na sede da UDCAS.\t    <\/div>\n\t<\/div>\n\t<!-- \/callout-content -->\n\t\t    <div class=\"callout-button tf_right tf_textr\">\n\t\t    <a href=\"https:\/\/udcas.pt\/site\/wp-content\/uploads\/2025\/06\/7-Ficha-de-Socio_2025.pdf\" class=\"ui builder_button rounded red\" rel=\"noopener\" target=\"_blank\">\n\t\t\t\t<span class=\"tb_callout_text\">Ficha de Inscri\u00e7\u00e3o<\/span>\n\t\t    <\/a>\n\t\t<\/div>\n\t        <\/div>\n    <!-- \/callout-content -->\n<\/div>\n<!-- \/module callout -->\n                    <\/div><!-- .tb-column-inner -->\n                            <\/div><!-- .module_column -->\n            \t    <\/div><!-- .row_inner -->\n\t<\/div><!-- .module_row -->\n\t\t\t\t<!-- module_row -->\n\t<div  data-lazy=\"1\" class=\"module_row themify_builder_row tb_cjci180 tf_w tf_clearfix\">\n\t    \t\t\t<div class=\"row_inner col_align_top tb_col_count_1 tf_box tf_rel\">\n\t\t            <div  data-lazy=\"1\" class=\"module_column tb-column col-full tb_yz75180 first\">\n                                                <\/div><!-- .module_column -->\n            \t    <\/div><!-- .row_inner -->\n\t<\/div><!-- .module_row -->\n\t<\/div>\n<!--\/themify_builder_content-->\n\n\n<p><\/p>","protected":false},"excerpt":{"rendered":"","protected":false},"author":1,"featured_media":0,"parent":0,"menu_order":0,"comment_status":"closed","ping_status":"closed","template":"","meta":{"_uag_custom_page_level_css":"","footnotes":""},"class_list":["post-166","page","type-page","status-publish","hentry","has-post-title","has-post-date","has-post-category","has-post-tag","has-post-comment","has-post-author",""],"uagb_featured_image_src":{"full":false,"thumbnail":false,"medium":false,"medium_large":false,"large":false,"1536x1536":false,"2048x2048":false},"uagb_author_info":{"display_name":"ADM_UDCAS","author_link":"https:\/\/udcas.pt\/site\/author\/adm_udcas\/"},"uagb_comment_info":0,"uagb_excerpt":null,"builder_content":"<h1>INSCRI\u00c7\u00c3O<br\/><\/h1>\n\n<p>Torna-te\u00a0<em>S\u00f3cio<\/em> da Uni\u00e3o Desportiva e Cultural de Aldeia do Sobralinho.<\/p> <p><strong style=\"color: #000000; font-size: 1.6em; background-color: initial; letter-spacing: -0.008em;\">Atreve-te a pertencer a esta fam\u00edlia<\/strong><\/p>\n<h3>Inscri\u00e7\u00e3o S\u00f3cio<\/h3> Entregue devidamente preenchida, e com uma foto, na sede da UDCAS. <a href=\"https:\/\/udcas.pt\/site\/wp-content\/uploads\/2025\/06\/7-Ficha-de-Socio_2025.pdf\" rel=\"noopener\" target=\"_blank\"> Ficha de Inscri\u00e7\u00e3o <\/a>","_links":{"self":[{"href":"https:\/\/udcas.pt\/site\/wp-json\/wp\/v2\/pages\/166","targetHints":{"allow":["GET"]}}],"collection":[{"href":"https:\/\/udcas.pt\/site\/wp-json\/wp\/v2\/pages"}],"about":[{"href":"https:\/\/udcas.pt\/site\/wp-json\/wp\/v2\/types\/page"}],"author":[{"embeddable":true,"href":"https:\/\/udcas.pt\/site\/wp-json\/wp\/v2\/users\/1"}],"replies":[{"embeddable":true,"href":"https:\/\/udcas.pt\/site\/wp-json\/wp\/v2\/comments?post=166"}],"version-history":[{"count":46,"href":"https:\/\/udcas.pt\/site\/wp-json\/wp\/v2\/pages\/166\/revisions"}],"predecessor-version":[{"id":1307,"href":"https:\/\/udcas.pt\/site\/wp-json\/wp\/v2\/pages\/166\/revisions\/1307"}],"wp:attachment":[{"href":"https:\/\/udcas.pt\/site\/wp-json\/wp\/v2\/media?parent=166"}],"curies":[{"name":"wp","href":"https:\/\/api.w.org\/{rel}","templated":true}]}}