{"id":58,"date":"2019-12-06T22:22:32","date_gmt":"2019-12-06T22:22:32","guid":{"rendered":"https:\/\/udcas.pt\/site\/?page_id=58"},"modified":"2024-09-12T18:38:52","modified_gmt":"2024-09-12T18:38:52","slug":"historia","status":"publish","type":"page","link":"https:\/\/udcas.pt\/site\/historia\/","title":{"rendered":"Hist\u00f3ria"},"content":{"rendered":"<!--themify_builder_content-->\n<div id=\"themify_builder_content-58\" data-postid=\"58\" class=\"themify_builder_content themify_builder_content-58 themify_builder tf_clear\">\n    \t\t\t<!-- module_row -->\n\t<div  data-lazy=\"1\" class=\"module_row themify_builder_row tb_7aw3708 tb_first tf_w tf_clearfix\">\n\t    \t\t\t<div class=\"row_inner col_align_top tb_col_count_1 tf_box tf_rel\">\n\t\t            <div  data-lazy=\"1\" class=\"module_column tb-column col-full tb_z7sj710 first\">\n                                                        <div class=\"tb-column-inner tf_box tf_w\">\n                        <!-- module fancy heading -->\n<div  class=\"module module-fancy-heading tb_os2b801  wow\" data-tf-animation=\"rotateIn\" data-lazy=\"1\">\n        <h1 class=\"fancy-heading tf_textl\">\n    <span class=\"main-head tf_block\">\n\t\t\t\t\tHIST\u00d3RIA\t\t    <\/span>\n\n\t\n    <span class=\"sub-head tf_block tf_rel\">\n\t\t\t\t\t\t\t    <\/span>\n    <\/h1>\n<\/div>\n<!-- \/module fancy heading -->\n                    <\/div><!-- .tb-column-inner -->\n                            <\/div><!-- .module_column -->\n            \t    <\/div><!-- .row_inner -->\n\t<\/div><!-- .module_row -->\n\t\t\t\t<!-- module_row -->\n\t<div  data-lazy=\"1\" class=\"module_row themify_builder_row tb_asnu344 tf_w tf_clearfix\">\n\t    \t\t\t<div class=\"row_inner col_align_top tb_col_count_1 tf_box tf_rel\">\n\t\t            <div  data-lazy=\"1\" class=\"module_column tb-column col-full tb_w1qk344 first\">\n                                                        <div class=\"tb-column-inner tf_box tf_w\">\n                        <!-- module text -->\n<div  class=\"module module-text tb_3ykw353   \" data-lazy=\"1\">\n        <div  class=\"tb_text_wrap\">\n    <p>A <strong>UDCAS<\/strong> &#8211; Uni\u00e3o Desportiva e Cultural de Aldeia do Sobralinho &#8211; foi fundada a 15 de dezembro de 1974. \u00c9 uma associa\u00e7\u00e3o que tem como miss\u00e3o promover atividades desportivas, culturais e recreativas.<\/p>    <\/div>\n<\/div>\n<!-- \/module text -->                    <\/div><!-- .tb-column-inner -->\n                            <\/div><!-- .module_column -->\n            \t    <\/div><!-- .row_inner -->\n\t<\/div><!-- .module_row -->\n\t\t\t\t<!-- module_row -->\n\t<div  data-lazy=\"1\" class=\"module_row themify_builder_row tb_4asr553 tf_w tf_clearfix\">\n\t    \t\t\t<div class=\"row_inner col_align_top tb_col_count_1 tf_box tf_rel\">\n\t\t            <div  data-lazy=\"1\" class=\"module_column tb-column col-full tb_uml2554 first\">\n                                                        <div class=\"tb-column-inner tf_box tf_w\">\n                        <!-- module text -->\n<div  class=\"module module-text tb_h03l563   \" data-lazy=\"1\">\n        <div  class=\"tb_text_wrap\">\n    <p>A UDCAS nasceu da perseveran\u00e7a de um grupo de jovens, com o intuito de proporcionar a toda a popula\u00e7\u00e3o, um lugar onde se pudesse n\u00e3o s\u00f3 conviver e passar os tempos de lazer, mas tamb\u00e9m onde fosse poss\u00edvel aos filhos de cada um, encontrar um local onde pudessem ser apoiados e guiados na pr\u00e1tica do desporto, do teatro, ou de outras atividades similares.<\/p>    <\/div>\n<\/div>\n<!-- \/module text -->                    <\/div><!-- .tb-column-inner -->\n                            <\/div><!-- .module_column -->\n            \t    <\/div><!-- .row_inner -->\n\t<\/div><!-- .module_row -->\n\t\t\t\t<!-- module_row -->\n\t<div  data-lazy=\"1\" class=\"module_row themify_builder_row tb_7gc2136 tf_w tf_clearfix\">\n\t    \t\t\t<div class=\"row_inner col_align_top tb_col_count_1 tf_box tf_rel\">\n\t\t            <div  data-lazy=\"1\" class=\"module_column tb-column col-full tb_6dr1137 first\">\n                                                        <div class=\"tb-column-inner tf_box tf_w\">\n                        <!-- module text -->\n<div  class=\"module module-text tb_sv15147   \" data-lazy=\"1\">\n        <div  class=\"tb_text_wrap\">\n    <p>Ap\u00f3s terem sido tomadas todas as medidas necess\u00e1rias, a UDCAS foi inaugurada numa modesta casa, na Rua Jos\u00e9 Augusto Marques, passando algum tempo depois para a sua atual sede social, no Largo da UDCAS. Os seus Estatutos foram aprovados e publicados no Di\u00e1rio do Governo III\u00aa S\u00e9rie N\u00ba 251 de 29 de Outubro de 1975, tendo a sua primeira altera\u00e7\u00e3o em dezembro de 2018. Passados 11 anos da sua funda\u00e7\u00e3o, no dia 7 de agosto, foi-lhe reconhecida o Estatuto de Entidade de Utilidade P\u00fablica, atrav\u00e9s da publica\u00e7\u00e3o em Di\u00e1rio da Rep\u00fablica, II S\u00e9rie, de 1986-08-23.<\/p>    <\/div>\n<\/div>\n<!-- \/module text -->                    <\/div><!-- .tb-column-inner -->\n                            <\/div><!-- .module_column -->\n            \t    <\/div><!-- .row_inner -->\n\t<\/div><!-- .module_row -->\n\t\t\t\t<!-- module_row -->\n\t<div  data-lazy=\"1\" class=\"module_row themify_builder_row tb_kb1q159 tf_w tf_clearfix\">\n\t    \t\t\t<div class=\"row_inner col_align_top tb_col_count_1 tf_box tf_rel\">\n\t\t            <div  data-lazy=\"1\" class=\"module_column tb-column col-full tb_yj88161 first\">\n                                                        <div class=\"tb-column-inner tf_box tf_w\">\n                        <!-- module text -->\n<div  class=\"module module-text tb_g486173   \" data-lazy=\"1\">\n        <div  class=\"tb_text_wrap\">\n    <p>Como as suas instala\u00e7\u00f5es eram reduzidas, devido \u00e0 grande aflu\u00eancia da popula\u00e7\u00e3o, mais de mil associados, a UDCAS solicitou \u00e0 C\u00e2mara Municipal de Vila Franca de Xira, o terreno circundante \u00e0s suas instala\u00e7\u00f5es. Com a aprova\u00e7\u00e3o dessa ced\u00eancia e atrav\u00e9s de Escritura Notarial de 11 de dezembro de 1984, foram constru\u00eddos um pavilh\u00e3o multiusos e um ringue desportivo. Com as novas instala\u00e7\u00f5es, foi poss\u00edvel iniciar-se um conjunto de atividades tais como festivais g\u00edmnicos, torneios de futebol de sal\u00e3o, mini maratona, noites de teatro, espet\u00e1culos musicais diversos, entre tantas outras iniciativas que enriqueceram o dia-a-dia da popula\u00e7\u00e3o.<\/p>    <\/div>\n<\/div>\n<!-- \/module text -->                    <\/div><!-- .tb-column-inner -->\n                            <\/div><!-- .module_column -->\n            \t    <\/div><!-- .row_inner -->\n\t<\/div><!-- .module_row -->\n\t\t\t\t<!-- module_row -->\n\t<div  data-lazy=\"1\" class=\"module_row themify_builder_row tb_pl4f769 tf_w tf_clearfix\">\n\t    \t\t\t<div class=\"row_inner col_align_top tb_col_count_1 tf_box tf_rel\">\n\t\t            <div  data-lazy=\"1\" class=\"module_column tb-column col-full tb_vg46770 first\">\n                                                        <div class=\"tb-column-inner tf_box tf_w\">\n                        <!-- module text -->\n<div  class=\"module module-text tb_cs5h781   \" data-lazy=\"1\">\n        <div  class=\"tb_text_wrap\">\n    <p>Com o passar dos anos, e fomentado pelos s\u00f3cios o esp\u00edrito associativo, dire\u00e7\u00e3o ap\u00f3s dire\u00e7\u00e3o, a UDCAS tem continuado a desenvolver as suas iniciativas adaptadas a esta era da globaliza\u00e7\u00e3o.<\/p>    <\/div>\n<\/div>\n<!-- \/module text -->                    <\/div><!-- .tb-column-inner -->\n                            <\/div><!-- .module_column -->\n            \t    <\/div><!-- .row_inner -->\n\t<\/div><!-- .module_row -->\n\t\t\t\t<!-- module_row -->\n\t<div  data-lazy=\"1\" class=\"module_row themify_builder_row tb_utow854 tf_w tf_clearfix\">\n\t    \t\t\t<div class=\"row_inner col_align_top tb_col_count_1 tf_box tf_rel\">\n\t\t            <div  data-lazy=\"1\" class=\"module_column tb-column col-full tb_3122854 first\">\n                                                        <div class=\"tb-column-inner tf_box tf_w\">\n                        <!-- module text -->\n<div  class=\"module module-text tb_359b866   \" data-lazy=\"1\">\n        <div  class=\"tb_text_wrap\">\n    <p>Atualmente possui um caf\u00e9 e uma sala de conv\u00edvio para os s\u00f3cios, no primeiro andar uma sala ampla, dois gabinetes de dire\u00e7\u00e3o e um gabinete m\u00e9dico-desportivo. Pode-se encontrar no espa\u00e7o exterior, um ringue desportivo de relvado sint\u00e9tico e um pavilh\u00e3o multiusos, espa\u00e7os que s\u00e3o alugados a qualquer cidad\u00e3o.<\/p>    <\/div>\n<\/div>\n<!-- \/module text -->                    <\/div><!-- .tb-column-inner -->\n                            <\/div><!-- .module_column -->\n            \t    <\/div><!-- .row_inner -->\n\t<\/div><!-- .module_row -->\n\t\t\t\t<!-- module_row -->\n\t<div  data-lazy=\"1\" class=\"module_row themify_builder_row tb_e6pk492 tf_w tf_clearfix\">\n\t    \t\t\t<div class=\"row_inner col_align_top tb_col_count_1 tf_box tf_rel\">\n\t\t            <div  data-lazy=\"1\" class=\"module_column tb-column col-full tb_39il495 first\">\n                                                        <div class=\"tb-column-inner tf_box tf_w\">\n                        <!-- module text -->\n<div  class=\"module module-text tb_06jc514   \" data-lazy=\"1\">\n        <div  class=\"tb_text_wrap\">\n    <p>No que diz respeito \u00e0s ofertas desportivas na UDCAS, atualmente, \u00e9 poss\u00edvel praticar Futsal, Fitness, Kempo e Zumba Kids.<\/p>    <\/div>\n<\/div>\n<!-- \/module text -->                    <\/div><!-- .tb-column-inner -->\n                            <\/div><!-- .module_column -->\n            \t    <\/div><!-- .row_inner -->\n\t<\/div><!-- .module_row -->\n\t\t\t\t<!-- module_row -->\n\t<div  data-lazy=\"1\" class=\"module_row themify_builder_row tb_yxrz906 tf_w tf_clearfix\">\n\t    \t\t\t<div class=\"row_inner col_align_top tb_col_count_1 tf_box tf_rel\">\n\t\t            <div  data-lazy=\"1\" class=\"module_column tb-column col-full tb_kewl907 first\">\n                                                        <div class=\"tb-column-inner tf_box tf_w\">\n                        <!-- module text -->\n<div  class=\"module module-text tb_91p7921   \" data-lazy=\"1\">\n        <div  class=\"tb_text_wrap\">\n    <p>Como atividades culturais continua a apresentar as tradicionais noites populares, de teatro, certame de artesanato e pintura, onde os artes\u00e3os da freguesia exp\u00f5em os seus trabalhos, entre outros eventos que t\u00eam como objetivo juntar a popula\u00e7\u00e3o numa tarde ou noite bem animada e proporcionar o conv\u00edvio entre todos.<\/p>    <\/div>\n<\/div>\n<!-- \/module text -->                    <\/div><!-- .tb-column-inner -->\n                            <\/div><!-- .module_column -->\n            \t    <\/div><!-- .row_inner -->\n\t<\/div><!-- .module_row -->\n\t<\/div>\n<!--\/themify_builder_content-->\n\n\n<p><\/p>","protected":false},"excerpt":{"rendered":"","protected":false},"author":1,"featured_media":0,"parent":0,"menu_order":0,"comment_status":"closed","ping_status":"closed","template":"","meta":{"_uag_custom_page_level_css":"","footnotes":""},"class_list":["post-58","page","type-page","status-publish","hentry","has-post-title","has-post-date","has-post-category","has-post-tag","has-post-comment","has-post-author",""],"uagb_featured_image_src":{"full":false,"thumbnail":false,"medium":false,"medium_large":false,"large":false,"1536x1536":false,"2048x2048":false},"uagb_author_info":{"display_name":"ADM_UDCAS","author_link":"https:\/\/udcas.pt\/site\/author\/adm_udcas\/"},"uagb_comment_info":0,"uagb_excerpt":null,"builder_content":"<h1>HIST\u00d3RIA<br\/><\/h1>\n<p>A <strong>UDCAS<\/strong> - Uni\u00e3o Desportiva e Cultural de Aldeia do Sobralinho - foi fundada a 15 de dezembro de 1974. \u00c9 uma associa\u00e7\u00e3o que tem como miss\u00e3o promover atividades desportivas, culturais e recreativas.<\/p>\n<p>A UDCAS nasceu da perseveran\u00e7a de um grupo de jovens, com o intuito de proporcionar a toda a popula\u00e7\u00e3o, um lugar onde se pudesse n\u00e3o s\u00f3 conviver e passar os tempos de lazer, mas tamb\u00e9m onde fosse poss\u00edvel aos filhos de cada um, encontrar um local onde pudessem ser apoiados e guiados na pr\u00e1tica do desporto, do teatro, ou de outras atividades similares.<\/p>\n<p>Ap\u00f3s terem sido tomadas todas as medidas necess\u00e1rias, a UDCAS foi inaugurada numa modesta casa, na Rua Jos\u00e9 Augusto Marques, passando algum tempo depois para a sua atual sede social, no Largo da UDCAS. Os seus Estatutos foram aprovados e publicados no Di\u00e1rio do Governo III\u00aa S\u00e9rie N\u00ba 251 de 29 de Outubro de 1975, tendo a sua primeira altera\u00e7\u00e3o em dezembro de 2018. Passados 11 anos da sua funda\u00e7\u00e3o, no dia 7 de agosto, foi-lhe reconhecida o Estatuto de Entidade de Utilidade P\u00fablica, atrav\u00e9s da publica\u00e7\u00e3o em Di\u00e1rio da Rep\u00fablica, II S\u00e9rie, de 1986-08-23.<\/p>\n<p>Como as suas instala\u00e7\u00f5es eram reduzidas, devido \u00e0 grande aflu\u00eancia da popula\u00e7\u00e3o, mais de mil associados, a UDCAS solicitou \u00e0 C\u00e2mara Municipal de Vila Franca de Xira, o terreno circundante \u00e0s suas instala\u00e7\u00f5es. Com a aprova\u00e7\u00e3o dessa ced\u00eancia e atrav\u00e9s de Escritura Notarial de 11 de dezembro de 1984, foram constru\u00eddos um pavilh\u00e3o multiusos e um ringue desportivo. Com as novas instala\u00e7\u00f5es, foi poss\u00edvel iniciar-se um conjunto de atividades tais como festivais g\u00edmnicos, torneios de futebol de sal\u00e3o, mini maratona, noites de teatro, espet\u00e1culos musicais diversos, entre tantas outras iniciativas que enriqueceram o dia-a-dia da popula\u00e7\u00e3o.<\/p>\n<p>Com o passar dos anos, e fomentado pelos s\u00f3cios o esp\u00edrito associativo, dire\u00e7\u00e3o ap\u00f3s dire\u00e7\u00e3o, a UDCAS tem continuado a desenvolver as suas iniciativas adaptadas a esta era da globaliza\u00e7\u00e3o.<\/p>\n<p>Atualmente possui um caf\u00e9 e uma sala de conv\u00edvio para os s\u00f3cios, no primeiro andar uma sala ampla, dois gabinetes de dire\u00e7\u00e3o e um gabinete m\u00e9dico-desportivo. Pode-se encontrar no espa\u00e7o exterior, um ringue desportivo de relvado sint\u00e9tico e um pavilh\u00e3o multiusos, espa\u00e7os que s\u00e3o alugados a qualquer cidad\u00e3o.<\/p>\n<p>No que diz respeito \u00e0s ofertas desportivas na UDCAS, atualmente, \u00e9 poss\u00edvel praticar Futsal, Fitness, Kempo e Zumba Kids.<\/p>\n<p>Como atividades culturais continua a apresentar as tradicionais noites populares, de teatro, certame de artesanato e pintura, onde os artes\u00e3os da freguesia exp\u00f5em os seus trabalhos, entre outros eventos que t\u00eam como objetivo juntar a popula\u00e7\u00e3o numa tarde ou noite bem animada e proporcionar o conv\u00edvio entre todos.<\/p>","_links":{"self":[{"href":"https:\/\/udcas.pt\/site\/wp-json\/wp\/v2\/pages\/58","targetHints":{"allow":["GET"]}}],"collection":[{"href":"https:\/\/udcas.pt\/site\/wp-json\/wp\/v2\/pages"}],"about":[{"href":"https:\/\/udcas.pt\/site\/wp-json\/wp\/v2\/types\/page"}],"author":[{"embeddable":true,"href":"https:\/\/udcas.pt\/site\/wp-json\/wp\/v2\/users\/1"}],"replies":[{"embeddable":true,"href":"https:\/\/udcas.pt\/site\/wp-json\/wp\/v2\/comments?post=58"}],"version-history":[{"count":35,"href":"https:\/\/udcas.pt\/site\/wp-json\/wp\/v2\/pages\/58\/revisions"}],"predecessor-version":[{"id":1268,"href":"https:\/\/udcas.pt\/site\/wp-json\/wp\/v2\/pages\/58\/revisions\/1268"}],"wp:attachment":[{"href":"https:\/\/udcas.pt\/site\/wp-json\/wp\/v2\/media?parent=58"}],"curies":[{"name":"wp","href":"https:\/\/api.w.org\/{rel}","templated":true}]}}