{"id":871,"date":"2021-11-21T16:42:17","date_gmt":"2021-11-21T16:42:17","guid":{"rendered":"https:\/\/udcas.pt\/site\/?page_id=871"},"modified":"2021-11-23T00:01:48","modified_gmt":"2021-11-23T00:01:48","slug":"noticiasudcas","status":"publish","type":"page","link":"https:\/\/udcas.pt\/site\/noticiasudcas\/","title":{"rendered":"NoticiasUdcas"},"content":{"rendered":"<!--themify_builder_content-->\n<div id=\"themify_builder_content-871\" data-postid=\"871\" class=\"themify_builder_content themify_builder_content-871 themify_builder tf_clear\">\n    \t\t\t<!-- module_row -->\n\t<div  data-lazy=\"1\" class=\"module_row themify_builder_row tb_zvbn828 tb_first tf_w tf_clearfix\">\n\t    \t\t\t<div class=\"row_inner col_align_top tb_col_count_1 tf_box tf_rel\">\n\t\t            <div  data-lazy=\"1\" class=\"module_column tb-column col-full tb_9uoq829 first\">\n                                                        <div class=\"tb-column-inner tf_box tf_w\">\n                        <!-- module text -->\n<div  class=\"module module-text tb_9fz5322   \" data-lazy=\"1\">\n        <div  class=\"tb_text_wrap\">\n    <h1>Not\u00edcias<\/h1>    <\/div>\n<\/div>\n<!-- \/module text -->                    <\/div><!-- .tb-column-inner -->\n                            <\/div><!-- .module_column -->\n            \t    <\/div><!-- .row_inner -->\n\t<\/div><!-- .module_row -->\n\t\t\t\t<!-- module_row -->\n\t<div  data-lazy=\"1\" class=\"module_row themify_builder_row tb_vs7n506 tf_w tf_clearfix\">\n\t    \t\t\t<div class=\"row_inner col_align_top tb_col_count_1 tf_box tf_rel\">\n\t\t            <div  data-lazy=\"1\" class=\"module_column tb-column col-full tb_9738507 first\">\n                                                        <div class=\"tb-column-inner tf_box tf_w\">\n                        <!-- module post -->\n<div  class=\"module module-post tb_3qju649 \">\n        <ul class=\"post-filter tf_textc tf_opacity\">\n\t\t\t<li class=\"cat-item cat-item-13\"><a href=\"https:\/\/udcas.pt\/site\/category\/noticias\/desporto\/\">Desporto<\/a>\n<\/li>\n\t<li class=\"cat-item cat-item-14\"><a href=\"https:\/\/udcas.pt\/site\/category\/noticias\/notudcas\/\">udcas<\/a>\n<\/li>\n\t\t    <\/ul>\n\t    <div  class=\"builder-posts-wrap loops-wrapper list-thumb-image masonry tf_rel tf_clear tf_clearfix\" data-lazy=\"1\">\n\t<article id=\"post-1372\" class=\"post cat-14 post-1372 type-post status-publish format-standard has-post-thumbnail hentry category-notudcas has-post-title has-post-date has-post-category has-post-tag has-post-comment has-post-author   cat-14\">\n\n    \n    \t\t\t<figure class=\"post-image tf_clearfix\">\n\t\t\t    \t\t\t\t\t\t\t\t<a href=\"https:\/\/udcas.pt\/site\/2026\/04\/28\/alugcampoepav-20262027\/\">\n\t\t\t\t\t\t\t\t<img loading=\"lazy\" decoding=\"async\" width=\"387\" height=\"252\" src=\"https:\/\/udcas.pt\/site\/wp-content\/uploads\/2026\/04\/campo_thumb_2627.png\" class=\"wp-post-image wp-image-1382\" title=\"campo_thumb_2627\" alt=\"campo_thumb_2627\" srcset=\"https:\/\/udcas.pt\/site\/wp-content\/uploads\/2026\/04\/campo_thumb_2627.png 387w, https:\/\/udcas.pt\/site\/wp-content\/uploads\/2026\/04\/campo_thumb_2627-300x195.png 300w\" sizes=\"auto, (max-width: 387px) 100vw, 387px\" \/>\t\t\t\t\t\t\t\t    \t\t\t\t<\/a>\n\t\t\t\t\t\t\t    \t\t\t<\/figure>\n\t\t\t\n    <div class=\"post-content\">\n                \n            <div class=\"post-meta entry-meta tf_clearfix\">\n        <div class=\"post-meta-inner-left\">\n            <span class=\"post-date-wrapper\">\n                <time datetime=\"2026-04-28\" class=\"post-date entry-date updated\" itemprop=\"datePublished\">2026-04-28<\/time>\n            <\/span>\n        <\/div>\n    <\/div>\n\n<div class=\"post-content-inner-wrapper\">\n    <div class=\"post-content-inner\">\n\t        \n            <h2 class=\"post-title entry-title\"><a href=\"https:\/\/udcas.pt\/site\/2026\/04\/28\/alugcampoepav-20262027\/\">Aluguer de Pavilh\u00e3o e Campo<\/a><\/h2>\n                <div class=\"entry-content\" itemprop=\"articleBody\">\n                                                <p>Alugue o pavilh\u00e3o e o campo para o seu evento e garanta um espa\u00e7o vers\u00e1til, moderno e preparado para receber diferentes tipos de iniciativas \u2014 desde torneios a eventos corporativos, festas privadas ou atividades de grupo. Com excelentes condi\u00e7\u00f5es e infraestrutura adequada, proporcionamos o ambiente ideal para que o seu evento seja um verdadeiro sucesso. [&hellip;]<\/p>\n                \n                \n                \n                \n        <\/div><!-- \/.entry-content -->\n    <\/div>\n<\/div>\n    <\/div>\n    <!-- \/.post-content -->\n    \n<\/article>\n<!-- \/.post -->\n\n<article id=\"post-846\" class=\"post cat-14 post-846 type-post status-publish format-standard has-post-thumbnail hentry category-notudcas has-post-title has-post-date has-post-category has-post-tag has-post-comment has-post-author   cat-14\">\n\n    \n    \t\t\t<figure class=\"post-image tf_clearfix\">\n\t\t\t    \t\t\t\t\t\t\t\t<a href=\"https:\/\/udcas.pt\/site\/2021\/05\/29\/convocatoria-assembleia-geral-ordinaria-no1-2021\/\">\n\t\t\t\t\t\t\t\t<img loading=\"lazy\" decoding=\"async\" width=\"334\" height=\"334\" src=\"https:\/\/udcas.pt\/site\/wp-content\/uploads\/2020\/05\/UDCAS.jpg\" class=\"wp-post-image wp-image-432\" title=\"UDCAS\" alt=\"UDCAS\" srcset=\"https:\/\/udcas.pt\/site\/wp-content\/uploads\/2020\/05\/UDCAS.jpg 334w, https:\/\/udcas.pt\/site\/wp-content\/uploads\/2020\/05\/UDCAS-300x300.jpg 300w, https:\/\/udcas.pt\/site\/wp-content\/uploads\/2020\/05\/UDCAS-150x150.jpg 150w, https:\/\/udcas.pt\/site\/wp-content\/uploads\/2020\/05\/UDCAS-308x308.jpg 308w, https:\/\/udcas.pt\/site\/wp-content\/uploads\/2020\/05\/UDCAS-200x200.jpg 200w\" sizes=\"auto, (max-width: 334px) 100vw, 334px\" \/>\t\t\t\t\t\t\t\t    \t\t\t\t<\/a>\n\t\t\t\t\t\t\t    \t\t\t<\/figure>\n\t\t\t\n    <div class=\"post-content\">\n                \n            <div class=\"post-meta entry-meta tf_clearfix\">\n        <div class=\"post-meta-inner-left\">\n            <span class=\"post-date-wrapper\">\n                <time datetime=\"2021-05-29\" class=\"post-date entry-date updated\" itemprop=\"datePublished\">2021-05-29<\/time>\n            <\/span>\n        <\/div>\n    <\/div>\n\n<div class=\"post-content-inner-wrapper\">\n    <div class=\"post-content-inner\">\n\t        \n            <h2 class=\"post-title entry-title\"><a href=\"https:\/\/udcas.pt\/site\/2021\/05\/29\/convocatoria-assembleia-geral-ordinaria-no1-2021\/\">Convocat\u00f3ria Assembleia Geral Ordin\u00e1ria N\u00ba1\/2021<\/a><\/h2>\n                <div class=\"entry-content\" itemprop=\"articleBody\">\n                                                <p>Convocat\u00f3ria Assembleia Geral Ordin\u00e1ria N\u00ba1\/2021 e Convocat\u00f3ria Assembleia Geral Eleitoral N\u00ba2\/2021<\/p>\n                \n                \n                \n                \n        <\/div><!-- \/.entry-content -->\n    <\/div>\n<\/div>\n    <\/div>\n    <!-- \/.post-content -->\n    \n<\/article>\n<!-- \/.post -->\n\n<article id=\"post-855\" class=\"post cat-14 post-855 type-post status-publish format-standard has-post-thumbnail hentry category-notudcas has-post-title has-post-date has-post-category has-post-tag has-post-comment has-post-author   cat-14\">\n\n    \n    \t\t\t<figure class=\"post-image tf_clearfix\">\n\t\t\t    \t\t\t\t\t\t\t\t<a href=\"https:\/\/udcas.pt\/site\/2020\/12\/15\/46-anos\/\">\n\t\t\t\t\t\t\t\t<img loading=\"lazy\" decoding=\"async\" width=\"749\" height=\"749\" src=\"https:\/\/udcas.pt\/site\/wp-content\/uploads\/2020\/12\/Aniversario-UDCAS.jpeg\" class=\"wp-post-image wp-image-583\" title=\"Anivers\u00e1rio UDCAS\" alt=\"Anivers\u00e1rio UDCAS\" srcset=\"https:\/\/udcas.pt\/site\/wp-content\/uploads\/2020\/12\/Aniversario-UDCAS.jpeg 749w, https:\/\/udcas.pt\/site\/wp-content\/uploads\/2020\/12\/Aniversario-UDCAS-300x300.jpeg 300w, https:\/\/udcas.pt\/site\/wp-content\/uploads\/2020\/12\/Aniversario-UDCAS-150x150.jpeg 150w, https:\/\/udcas.pt\/site\/wp-content\/uploads\/2020\/12\/Aniversario-UDCAS-308x308.jpeg 308w\" sizes=\"auto, (max-width: 749px) 100vw, 749px\" \/>\t\t\t\t\t\t\t\t    \t\t\t\t<\/a>\n\t\t\t\t\t\t\t    \t\t\t<\/figure>\n\t\t\t\n    <div class=\"post-content\">\n                \n            <div class=\"post-meta entry-meta tf_clearfix\">\n        <div class=\"post-meta-inner-left\">\n            <span class=\"post-date-wrapper\">\n                <time datetime=\"2020-12-15\" class=\"post-date entry-date updated\" itemprop=\"datePublished\">2020-12-15<\/time>\n            <\/span>\n        <\/div>\n    <\/div>\n\n<div class=\"post-content-inner-wrapper\">\n    <div class=\"post-content-inner\">\n\t        \n            <h2 class=\"post-title entry-title\"><a href=\"https:\/\/udcas.pt\/site\/2020\/12\/15\/46-anos\/\">46 Anos<\/a><\/h2>\n                <div class=\"entry-content\" itemprop=\"articleBody\">\n                                                <p>Foi precisamente h\u00e1 46 anos, a 15 de dezembro de 1974, que atrav\u00e9s da primeira ata desta associa\u00e7\u00e3o, cinco jovens oficializaram a cria\u00e7\u00e3o da UDCAS.<\/p>\n                \n                \n                \n                \n        <\/div><!-- \/.entry-content -->\n    <\/div>\n<\/div>\n    <\/div>\n    <!-- \/.post-content -->\n    \n<\/article>\n<!-- \/.post -->\n\n<\/div><!-- .builder-posts-wrap -->\n                    <\/div>\n    <!-- \/module post -->\n                    <\/div><!-- .tb-column-inner -->\n                            <\/div><!-- .module_column -->\n            \t    <\/div><!-- .row_inner -->\n\t<\/div><!-- .module_row -->\n\t<\/div>\n<!--\/themify_builder_content-->","protected":false},"excerpt":{"rendered":"<p>Not\u00edcias<\/p>\n","protected":false},"author":1,"featured_media":0,"parent":0,"menu_order":0,"comment_status":"closed","ping_status":"closed","template":"","meta":{"_uag_custom_page_level_css":"","footnotes":""},"class_list":["post-871","page","type-page","status-publish","hentry","has-post-title","has-post-date","has-post-category","has-post-tag","has-post-comment","has-post-author",""],"uagb_featured_image_src":{"full":false,"thumbnail":false,"medium":false,"medium_large":false,"large":false,"1536x1536":false,"2048x2048":false},"uagb_author_info":{"display_name":"ADM_UDCAS","author_link":"https:\/\/udcas.pt\/site\/author\/adm_udcas\/"},"uagb_comment_info":0,"uagb_excerpt":"Not\u00edcias","builder_content":"<h1>Not\u00edcias<\/h1>","_links":{"self":[{"href":"https:\/\/udcas.pt\/site\/wp-json\/wp\/v2\/pages\/871","targetHints":{"allow":["GET"]}}],"collection":[{"href":"https:\/\/udcas.pt\/site\/wp-json\/wp\/v2\/pages"}],"about":[{"href":"https:\/\/udcas.pt\/site\/wp-json\/wp\/v2\/types\/page"}],"author":[{"embeddable":true,"href":"https:\/\/udcas.pt\/site\/wp-json\/wp\/v2\/users\/1"}],"replies":[{"embeddable":true,"href":"https:\/\/udcas.pt\/site\/wp-json\/wp\/v2\/comments?post=871"}],"version-history":[{"count":4,"href":"https:\/\/udcas.pt\/site\/wp-json\/wp\/v2\/pages\/871\/revisions"}],"predecessor-version":[{"id":978,"href":"https:\/\/udcas.pt\/site\/wp-json\/wp\/v2\/pages\/871\/revisions\/978"}],"wp:attachment":[{"href":"https:\/\/udcas.pt\/site\/wp-json\/wp\/v2\/media?parent=871"}],"curies":[{"name":"wp","href":"https:\/\/api.w.org\/{rel}","templated":true}]}}