{"id":968,"date":"2021-11-22T23:51:57","date_gmt":"2021-11-22T23:51:57","guid":{"rendered":"https:\/\/udcas.pt\/site\/?page_id=968"},"modified":"2021-11-23T00:03:40","modified_gmt":"2021-11-23T00:03:40","slug":"noticias-2","status":"publish","type":"page","link":"https:\/\/udcas.pt\/site\/noticias-2\/","title":{"rendered":"Not\u00edcias"},"content":{"rendered":"<!--themify_builder_content-->\n<div id=\"themify_builder_content-968\" data-postid=\"968\" class=\"themify_builder_content themify_builder_content-968 themify_builder tf_clear\">\n    \t\t\t<!-- module_row -->\n\t<div  data-lazy=\"1\" class=\"module_row themify_builder_row tb_kyxj948 tb_first tf_w tf_clearfix\">\n\t    \t\t\t<div class=\"row_inner col_align_top tb_col_count_1 tf_box tf_rel\">\n\t\t            <div  data-lazy=\"1\" class=\"module_column tb-column col-full tb_mh2s948 first\">\n                                                        <div class=\"tb-column-inner tf_box tf_w\">\n                        <!-- module text -->\n<div  class=\"module module-text tb_w6y5806   \" data-lazy=\"1\">\n        <div  class=\"tb_text_wrap\">\n    <h1><strong>Not\u00edcias<\/strong><\/h1>    <\/div>\n<\/div>\n<!-- \/module text -->                    <\/div><!-- .tb-column-inner -->\n                            <\/div><!-- .module_column -->\n            \t    <\/div><!-- .row_inner -->\n\t<\/div><!-- .module_row -->\n\t\t\t\t<!-- module_row -->\n\t<div  data-lazy=\"1\" class=\"module_row themify_builder_row tb_9og2794 tf_w tf_clearfix\">\n\t    \t\t\t<div class=\"row_inner col_align_top tb_col_count_1 tf_box tf_rel\">\n\t\t            <div  data-lazy=\"1\" class=\"module_column tb-column col-full tb_p3gh794 first\">\n                                                        <div class=\"tb-column-inner tf_box tf_w\">\n                        <!-- module post -->\n<div  class=\"module module-post tb_zo0n904 \">\n        <ul class=\"post-filter tf_textc tf_opacity\">\n\t\t\t<li class=\"cat-item cat-item-13\"><a href=\"https:\/\/udcas.pt\/site\/category\/noticias\/desporto\/\">Desporto<\/a>\n<\/li>\n\t<li class=\"cat-item cat-item-14\"><a href=\"https:\/\/udcas.pt\/site\/category\/noticias\/notudcas\/\">udcas<\/a>\n<\/li>\n\t\t    <\/ul>\n\t    <div  class=\"builder-posts-wrap loops-wrapper list-thumb-image masonry tf_rel tf_clear tf_clearfix\" data-lazy=\"1\">\n\t<article id=\"post-1349\" class=\"post cat-13 post-1349 type-post status-publish format-standard has-post-thumbnail hentry category-desporto has-post-title has-post-date has-post-category has-post-tag has-post-comment has-post-author   cat-13\">\n\n    \n    \t\t\t<figure class=\"post-image tf_clearfix\">\n\t\t\t    \t\t\t\t\t\t\t\t<a href=\"https:\/\/udcas.pt\/site\/2026\/04\/29\/capt_futsal-20262027\/\">\n\t\t\t\t\t\t\t\t<img loading=\"lazy\" decoding=\"async\" width=\"637\" height=\"332\" src=\"https:\/\/udcas.pt\/site\/wp-content\/uploads\/2022\/03\/captaco_thumb_2627.png\" class=\"wp-post-image wp-image-1351\" title=\"captaco_thumb_2627\" alt=\"captaco_thumb_2627\" srcset=\"https:\/\/udcas.pt\/site\/wp-content\/uploads\/2022\/03\/captaco_thumb_2627.png 637w, https:\/\/udcas.pt\/site\/wp-content\/uploads\/2022\/03\/captaco_thumb_2627-300x156.png 300w\" sizes=\"auto, (max-width: 637px) 100vw, 637px\" \/>\t\t\t\t\t\t\t\t    \t\t\t\t<\/a>\n\t\t\t\t\t\t\t    \t\t\t<\/figure>\n\t\t\t\n    <div class=\"post-content\">\n                \n            <div class=\"post-meta entry-meta tf_clearfix\">\n        <div class=\"post-meta-inner-left\">\n            <span class=\"post-date-wrapper\">\n                <time datetime=\"2026-04-29\" class=\"post-date entry-date updated\" itemprop=\"datePublished\">2026-04-29<\/time>\n            <\/span>\n        <\/div>\n    <\/div>\n\n<div class=\"post-content-inner-wrapper\">\n    <div class=\"post-content-inner\">\n\t        \n            <h2 class=\"post-title entry-title\"><a href=\"https:\/\/udcas.pt\/site\/2026\/04\/29\/capt_futsal-20262027\/\">Capta\u00e7\u00f5es FUTSAL 2026-2027<\/a><\/h2>\n                <div class=\"entry-content\" itemprop=\"articleBody\">\n                                                <p>A UDCAS continua a afirmar-se como um clube em crescimento no panorama do futsal e abre agora portas a novos talentos. Est\u00e3o oficialmente abertos os treinos de capta\u00e7\u00e3o para os escal\u00f5es de Petizes, Traquinas, Benjamins, Infantis e Iniciados, com o objetivo de integrar atletas nas equipas da presente \u00e9poca desportiva. Esta \u00e9 uma excelente oportunidade [&hellip;]<\/p>\n                \n                \n                \n                \n        <\/div><!-- \/.entry-content -->\n    <\/div>\n<\/div>\n    <\/div>\n    <!-- \/.post-content -->\n    \n<\/article>\n<!-- \/.post -->\n\n<article id=\"post-1372\" class=\"post cat-14 post-1372 type-post status-publish format-standard has-post-thumbnail hentry category-notudcas has-post-title has-post-date has-post-category has-post-tag has-post-comment has-post-author   cat-14\">\n\n    \n    \t\t\t<figure class=\"post-image tf_clearfix\">\n\t\t\t    \t\t\t\t\t\t\t\t<a href=\"https:\/\/udcas.pt\/site\/2026\/04\/28\/alugcampoepav-20262027\/\">\n\t\t\t\t\t\t\t\t<img loading=\"lazy\" decoding=\"async\" width=\"387\" height=\"252\" src=\"https:\/\/udcas.pt\/site\/wp-content\/uploads\/2026\/04\/campo_thumb_2627.png\" class=\"wp-post-image wp-image-1382\" title=\"campo_thumb_2627\" alt=\"campo_thumb_2627\" srcset=\"https:\/\/udcas.pt\/site\/wp-content\/uploads\/2026\/04\/campo_thumb_2627.png 387w, https:\/\/udcas.pt\/site\/wp-content\/uploads\/2026\/04\/campo_thumb_2627-300x195.png 300w\" sizes=\"auto, (max-width: 387px) 100vw, 387px\" \/>\t\t\t\t\t\t\t\t    \t\t\t\t<\/a>\n\t\t\t\t\t\t\t    \t\t\t<\/figure>\n\t\t\t\n    <div class=\"post-content\">\n                \n            <div class=\"post-meta entry-meta tf_clearfix\">\n        <div class=\"post-meta-inner-left\">\n            <span class=\"post-date-wrapper\">\n                <time datetime=\"2026-04-28\" class=\"post-date entry-date updated\" itemprop=\"datePublished\">2026-04-28<\/time>\n            <\/span>\n        <\/div>\n    <\/div>\n\n<div class=\"post-content-inner-wrapper\">\n    <div class=\"post-content-inner\">\n\t        \n            <h2 class=\"post-title entry-title\"><a href=\"https:\/\/udcas.pt\/site\/2026\/04\/28\/alugcampoepav-20262027\/\">Aluguer de Pavilh\u00e3o e Campo<\/a><\/h2>\n                <div class=\"entry-content\" itemprop=\"articleBody\">\n                                                <p>Alugue o pavilh\u00e3o e o campo para o seu evento e garanta um espa\u00e7o vers\u00e1til, moderno e preparado para receber diferentes tipos de iniciativas \u2014 desde torneios a eventos corporativos, festas privadas ou atividades de grupo. Com excelentes condi\u00e7\u00f5es e infraestrutura adequada, proporcionamos o ambiente ideal para que o seu evento seja um verdadeiro sucesso. [&hellip;]<\/p>\n                \n                \n                \n                \n        <\/div><!-- \/.entry-content -->\n    <\/div>\n<\/div>\n    <\/div>\n    <!-- \/.post-content -->\n    \n<\/article>\n<!-- \/.post -->\n\n<article id=\"post-1087\" class=\"post cat-13 post-1087 type-post status-publish format-standard has-post-thumbnail hentry category-desporto has-post-title has-post-date has-post-category has-post-tag has-post-comment has-post-author   cat-13\">\n\n    \n    \t\t\t<figure class=\"post-image tf_clearfix\">\n\t\t\t    \t\t\t\t\t\t\t\t<a href=\"https:\/\/udcas.pt\/site\/2022\/03\/14\/wac_2022\/\">\n\t\t\t\t\t\t\t\t<img loading=\"lazy\" decoding=\"async\" width=\"600\" height=\"848\" src=\"https:\/\/udcas.pt\/site\/wp-content\/uploads\/2023\/11\/wac2022.jpg\" class=\"wp-post-image wp-image-1107\" title=\"wac2022\" alt=\"wac2022\" srcset=\"https:\/\/udcas.pt\/site\/wp-content\/uploads\/2023\/11\/wac2022.jpg 600w, https:\/\/udcas.pt\/site\/wp-content\/uploads\/2023\/11\/wac2022-212x300.jpg 212w\" sizes=\"auto, (max-width: 600px) 100vw, 600px\" \/>\t\t\t\t\t\t\t\t    \t\t\t\t<\/a>\n\t\t\t\t\t\t\t    \t\t\t<\/figure>\n\t\t\t\n    <div class=\"post-content\">\n                \n            <div class=\"post-meta entry-meta tf_clearfix\">\n        <div class=\"post-meta-inner-left\">\n            <span class=\"post-date-wrapper\">\n                <time datetime=\"2022-03-14\" class=\"post-date entry-date updated\" itemprop=\"datePublished\">2022-03-14<\/time>\n            <\/span>\n        <\/div>\n    <\/div>\n\n<div class=\"post-content-inner-wrapper\">\n    <div class=\"post-content-inner\">\n\t        \n            <h2 class=\"post-title entry-title\"><a href=\"https:\/\/udcas.pt\/site\/2022\/03\/14\/wac_2022\/\">WAC 2022<\/a><\/h2>\n                <div class=\"entry-content\" itemprop=\"articleBody\">\n                                                <p>No passado dia 10, 11, 12 e 13 de Mar\u00e7o realizou-se o World All Styles Championship (WAC), nas Caldas da Rainha<\/p>\n                \n                \n                \n                \n        <\/div><!-- \/.entry-content -->\n    <\/div>\n<\/div>\n    <\/div>\n    <!-- \/.post-content -->\n    \n<\/article>\n<!-- \/.post -->\n\n<article id=\"post-1047\" class=\"post cat-13 post-1047 type-post status-publish format-standard has-post-thumbnail hentry category-desporto has-post-title has-post-date has-post-category has-post-tag has-post-comment has-post-author   cat-13\">\n\n    \n    \t\t\t<figure class=\"post-image tf_clearfix\">\n\t\t\t    \t\t\t\t\t\t\t\t<a href=\"https:\/\/udcas.pt\/site\/2021\/12\/06\/4a-prova-do-circuito-nacional-grupos-e-solos\/\">\n\t\t\t\t\t\t\t\t<img loading=\"lazy\" decoding=\"async\" width=\"477\" height=\"604\" src=\"https:\/\/udcas.pt\/site\/wp-content\/uploads\/2021\/12\/cartaz_4CircuitoNacionalSolosEGrupos.png\" class=\"wp-post-image wp-image-1048\" title=\"cartaz_4CircuitoNacionalSolosEGrupos\" alt=\"cartaz_4CircuitoNacionalSolosEGrupos\" srcset=\"https:\/\/udcas.pt\/site\/wp-content\/uploads\/2021\/12\/cartaz_4CircuitoNacionalSolosEGrupos.png 477w, https:\/\/udcas.pt\/site\/wp-content\/uploads\/2021\/12\/cartaz_4CircuitoNacionalSolosEGrupos-237x300.png 237w\" sizes=\"auto, (max-width: 477px) 100vw, 477px\" \/>\t\t\t\t\t\t\t\t    \t\t\t\t<\/a>\n\t\t\t\t\t\t\t    \t\t\t<\/figure>\n\t\t\t\n    <div class=\"post-content\">\n                \n            <div class=\"post-meta entry-meta tf_clearfix\">\n        <div class=\"post-meta-inner-left\">\n            <span class=\"post-date-wrapper\">\n                <time datetime=\"2021-12-06\" class=\"post-date entry-date updated\" itemprop=\"datePublished\">2021-12-06<\/time>\n            <\/span>\n        <\/div>\n    <\/div>\n\n<div class=\"post-content-inner-wrapper\">\n    <div class=\"post-content-inner\">\n\t        \n            <h2 class=\"post-title entry-title\"><a href=\"https:\/\/udcas.pt\/site\/2021\/12\/06\/4a-prova-do-circuito-nacional-grupos-e-solos\/\">4\u00aa Prova do Circuito Nacional Grupos e Solos<\/a><\/h2>\n                <div class=\"entry-content\" itemprop=\"articleBody\">\n                                                <p>Oito atletas da Uni\u00e3o Desportiva e Cultural da Aldeia do Sobralinho (UDCAS) estiveram em bom plano na 4\u00aa Prova do Circuito Nacional Grupos e Solos, que decorreu no \u00faltimo fim-de-semana no Pavilh\u00e3o Municipal de Manteigadas, em Set\u00fabal.<\/p>\n                \n                \n                \n                \n        <\/div><!-- \/.entry-content -->\n    <\/div>\n<\/div>\n    <\/div>\n    <!-- \/.post-content -->\n    \n<\/article>\n<!-- \/.post -->\n\n<article id=\"post-1038\" class=\"post cat-13 post-1038 type-post status-publish format-standard has-post-thumbnail hentry category-desporto has-post-title has-post-date has-post-category has-post-tag has-post-comment has-post-author   cat-13\">\n\n    \n    \t\t\t<figure class=\"post-image tf_clearfix\">\n\t\t\t    \t\t\t\t\t\t\t\t<a href=\"https:\/\/udcas.pt\/site\/2021\/12\/01\/1038\/\">\n\t\t\t\t\t\t\t\t<img loading=\"lazy\" decoding=\"async\" width=\"545\" height=\"625\" src=\"https:\/\/udcas.pt\/site\/wp-content\/uploads\/2021\/12\/cartazcampeonatoPortalegre_2021.png\" class=\"wp-post-image wp-image-1040\" title=\"cartazcampeonatoPortalegre_2021\" alt=\"cartazcampeonatoPortalegre_2021\" srcset=\"https:\/\/udcas.pt\/site\/wp-content\/uploads\/2021\/12\/cartazcampeonatoPortalegre_2021.png 545w, https:\/\/udcas.pt\/site\/wp-content\/uploads\/2021\/12\/cartazcampeonatoPortalegre_2021-262x300.png 262w\" sizes=\"auto, (max-width: 545px) 100vw, 545px\" \/>\t\t\t\t\t\t\t\t    \t\t\t\t<\/a>\n\t\t\t\t\t\t\t    \t\t\t<\/figure>\n\t\t\t\n    <div class=\"post-content\">\n                \n            <div class=\"post-meta entry-meta tf_clearfix\">\n        <div class=\"post-meta-inner-left\">\n            <span class=\"post-date-wrapper\">\n                <time datetime=\"2021-12-01\" class=\"post-date entry-date updated\" itemprop=\"datePublished\">2021-12-01<\/time>\n            <\/span>\n        <\/div>\n    <\/div>\n\n<div class=\"post-content-inner-wrapper\">\n    <div class=\"post-content-inner\">\n\t        \n            <h2 class=\"post-title entry-title\"><a href=\"https:\/\/udcas.pt\/site\/2021\/12\/01\/1038\/\">Campeonato Nacional 2021 \u2013 Portalegre<\/a><\/h2>\n                <div class=\"entry-content\" itemprop=\"articleBody\">\n                                                <p>Decorreu no Fim-de-Semana de 27 e 28 de Novembro, em Portalegre, o Campeonato Nacional<br \/>\nde Kempo, organizado pela Federa\u00e7\u00e3o Portuguesa Lohan Tao Kempo.<\/p>\n                \n                \n                \n                \n        <\/div><!-- \/.entry-content -->\n    <\/div>\n<\/div>\n    <\/div>\n    <!-- \/.post-content -->\n    \n<\/article>\n<!-- \/.post -->\n\n<article id=\"post-1009\" class=\"post cat-13 post-1009 type-post status-publish format-standard has-post-thumbnail hentry category-desporto has-post-title has-post-date has-post-category has-post-tag has-post-comment has-post-author   cat-13\">\n\n    \n    \t\t\t<figure class=\"post-image tf_clearfix\">\n\t\t\t    \t\t\t\t\t\t\t\t<a href=\"https:\/\/udcas.pt\/site\/2021\/11\/30\/taca-mundo-kempo\/\">\n\t\t\t\t\t\t\t\t<img loading=\"lazy\" decoding=\"async\" width=\"960\" height=\"960\" src=\"https:\/\/udcas.pt\/site\/wp-content\/uploads\/2021\/11\/TacaMundialKempoGP_2021.jpeg\" class=\"wp-post-image wp-image-1010\" title=\"TacaMundialKempoGP_2021\" alt=\"TacaMundialKempoGP_2021\" srcset=\"https:\/\/udcas.pt\/site\/wp-content\/uploads\/2021\/11\/TacaMundialKempoGP_2021.jpeg 960w, https:\/\/udcas.pt\/site\/wp-content\/uploads\/2021\/11\/TacaMundialKempoGP_2021-300x300.jpeg 300w, https:\/\/udcas.pt\/site\/wp-content\/uploads\/2021\/11\/TacaMundialKempoGP_2021-150x150.jpeg 150w, https:\/\/udcas.pt\/site\/wp-content\/uploads\/2021\/11\/TacaMundialKempoGP_2021-768x768.jpeg 768w, https:\/\/udcas.pt\/site\/wp-content\/uploads\/2021\/11\/TacaMundialKempoGP_2021-200x200.jpeg 200w, https:\/\/udcas.pt\/site\/wp-content\/uploads\/2021\/11\/TacaMundialKempoGP_2021-308x308.jpeg 308w\" sizes=\"auto, (max-width: 960px) 100vw, 960px\" \/>\t\t\t\t\t\t\t\t    \t\t\t\t<\/a>\n\t\t\t\t\t\t\t    \t\t\t<\/figure>\n\t\t\t\n    <div class=\"post-content\">\n                \n            <div class=\"post-meta entry-meta tf_clearfix\">\n        <div class=\"post-meta-inner-left\">\n            <span class=\"post-date-wrapper\">\n                <time datetime=\"2021-11-30\" class=\"post-date entry-date updated\" itemprop=\"datePublished\">2021-11-30<\/time>\n            <\/span>\n        <\/div>\n    <\/div>\n\n<div class=\"post-content-inner-wrapper\">\n    <div class=\"post-content-inner\">\n\t        \n            <h2 class=\"post-title entry-title\"><a href=\"https:\/\/udcas.pt\/site\/2021\/11\/30\/taca-mundo-kempo\/\">Ta\u00e7a Mundo Kempo<\/a><\/h2>\n                <div class=\"entry-content\" itemprop=\"articleBody\">\n                                                <p>Gon\u00e7alo Pinheiro para al\u00e9m de atleta da UDCAS, representou a sele\u00e7\u00e3o nacional de Kempo na ta\u00e7a do mundo que decorreu na Hungria.<\/p>\n                \n                \n                \n                \n        <\/div><!-- \/.entry-content -->\n    <\/div>\n<\/div>\n    <\/div>\n    <!-- \/.post-content -->\n    \n<\/article>\n<!-- \/.post -->\n\n<article id=\"post-923\" class=\"post cat-13 post-923 type-post status-publish format-standard has-post-thumbnail hentry category-desporto has-post-title has-post-date has-post-category has-post-tag has-post-comment has-post-author   cat-13\">\n\n    \n    \t\t\t<figure class=\"post-image tf_clearfix\">\n\t\t\t    \t\t\t\t\t\t\t\t<a href=\"https:\/\/udcas.pt\/site\/2021\/11\/22\/11a-gala-de-merito-desportivo-2020-2021\/\">\n\t\t\t\t\t\t\t\t<img loading=\"lazy\" decoding=\"async\" width=\"940\" height=\"788\" src=\"https:\/\/udcas.pt\/site\/wp-content\/uploads\/2021\/11\/WhatsApp-Image-2021-11-22-at-16.35.10-1.jpeg\" class=\"wp-post-image wp-image-924\" title=\"Gala M\u00e9rito Desportivo 2020\/2021\" alt=\"Gala M\u00e9rito Desportivo 2020\/2021\" srcset=\"https:\/\/udcas.pt\/site\/wp-content\/uploads\/2021\/11\/WhatsApp-Image-2021-11-22-at-16.35.10-1.jpeg 940w, https:\/\/udcas.pt\/site\/wp-content\/uploads\/2021\/11\/WhatsApp-Image-2021-11-22-at-16.35.10-1-300x251.jpeg 300w, https:\/\/udcas.pt\/site\/wp-content\/uploads\/2021\/11\/WhatsApp-Image-2021-11-22-at-16.35.10-1-768x644.jpeg 768w, https:\/\/udcas.pt\/site\/wp-content\/uploads\/2021\/11\/WhatsApp-Image-2021-11-22-at-16.35.10-1-238x200.jpeg 238w, https:\/\/udcas.pt\/site\/wp-content\/uploads\/2021\/11\/WhatsApp-Image-2021-11-22-at-16.35.10-1-200x167.jpeg 200w, https:\/\/udcas.pt\/site\/wp-content\/uploads\/2021\/11\/WhatsApp-Image-2021-11-22-at-16.35.10-1-150x125.jpeg 150w\" sizes=\"auto, (max-width: 940px) 100vw, 940px\" \/>\t\t\t\t\t\t\t\t    \t\t\t\t<\/a>\n\t\t\t\t\t\t\t    \t\t\t<\/figure>\n\t\t\t\n    <div class=\"post-content\">\n                \n            <div class=\"post-meta entry-meta tf_clearfix\">\n        <div class=\"post-meta-inner-left\">\n            <span class=\"post-date-wrapper\">\n                <time datetime=\"2021-11-22\" class=\"post-date entry-date updated\" itemprop=\"datePublished\">2021-11-22<\/time>\n            <\/span>\n        <\/div>\n    <\/div>\n\n<div class=\"post-content-inner-wrapper\">\n    <div class=\"post-content-inner\">\n\t        \n            <h2 class=\"post-title entry-title\"><a href=\"https:\/\/udcas.pt\/site\/2021\/11\/22\/11a-gala-de-merito-desportivo-2020-2021\/\">11\u00aa Gala de M\u00e9rito Desportivo 2020\/2021<\/a><\/h2>\n                <div class=\"entry-content\" itemprop=\"articleBody\">\n                                                <p>11\u00aa Gala de M\u00e9rito Desportivo 2020\/2021<\/p>\n                \n                \n                \n                \n        <\/div><!-- \/.entry-content -->\n    <\/div>\n<\/div>\n    <\/div>\n    <!-- \/.post-content -->\n    \n<\/article>\n<!-- \/.post -->\n\n<article id=\"post-953\" class=\"post cat-13 post-953 type-post status-publish format-standard has-post-thumbnail hentry category-desporto has-post-title has-post-date has-post-category has-post-tag has-post-comment has-post-author   cat-13\">\n\n    \n    \t\t\t<figure class=\"post-image tf_clearfix\">\n\t\t\t    \t\t\t\t\t\t\t\t<a href=\"https:\/\/udcas.pt\/site\/2021\/11\/21\/dancas-de-salao-no-pavilhao-casal-vistoso-20-e-21-de-novembro-de-2021\/\">\n\t\t\t\t\t\t\t\t<img loading=\"lazy\" decoding=\"async\" width=\"1638\" height=\"2048\" src=\"https:\/\/udcas.pt\/site\/wp-content\/uploads\/2021\/11\/WhatsApp-Image-2021-11-22-at-22.28.31.jpeg\" class=\"wp-post-image wp-image-955\" title=\"Dan\u00e7as de Sal\u00e3o 22 e 23 novembro 2021\" alt=\"Dan\u00e7as de Sal\u00e3o 22 e 23 novembro 2021\" srcset=\"https:\/\/udcas.pt\/site\/wp-content\/uploads\/2021\/11\/WhatsApp-Image-2021-11-22-at-22.28.31.jpeg 1638w, https:\/\/udcas.pt\/site\/wp-content\/uploads\/2021\/11\/WhatsApp-Image-2021-11-22-at-22.28.31-240x300.jpeg 240w, https:\/\/udcas.pt\/site\/wp-content\/uploads\/2021\/11\/WhatsApp-Image-2021-11-22-at-22.28.31-819x1024.jpeg 819w, https:\/\/udcas.pt\/site\/wp-content\/uploads\/2021\/11\/WhatsApp-Image-2021-11-22-at-22.28.31-768x960.jpeg 768w, https:\/\/udcas.pt\/site\/wp-content\/uploads\/2021\/11\/WhatsApp-Image-2021-11-22-at-22.28.31-1229x1536.jpeg 1229w, https:\/\/udcas.pt\/site\/wp-content\/uploads\/2021\/11\/WhatsApp-Image-2021-11-22-at-22.28.31-819x1024-150x187.jpeg 150w\" sizes=\"auto, (max-width: 1638px) 100vw, 1638px\" \/>\t\t\t\t\t\t\t\t    \t\t\t\t<\/a>\n\t\t\t\t\t\t\t    \t\t\t<\/figure>\n\t\t\t\n    <div class=\"post-content\">\n                \n            <div class=\"post-meta entry-meta tf_clearfix\">\n        <div class=\"post-meta-inner-left\">\n            <span class=\"post-date-wrapper\">\n                <time datetime=\"2021-11-21\" class=\"post-date entry-date updated\" itemprop=\"datePublished\">2021-11-21<\/time>\n            <\/span>\n        <\/div>\n    <\/div>\n\n<div class=\"post-content-inner-wrapper\">\n    <div class=\"post-content-inner\">\n\t        \n            <h2 class=\"post-title entry-title\"><a href=\"https:\/\/udcas.pt\/site\/2021\/11\/21\/dancas-de-salao-no-pavilhao-casal-vistoso-20-e-21-de-novembro-de-2021\/\">Dan\u00e7as de Sal\u00e3o no Pavilh\u00e3o Casal Vistoso 20 e 21 de novembro de 2021<\/a><\/h2>\n                <div class=\"entry-content\" itemprop=\"articleBody\">\n                                                <p>No passado fim de semana de 20 e 21 de novembro que, os atletas das<br \/>\nDan\u00e7as de Sal\u00e3o da Uni\u00e3o Desportiva e Cultural da Aldeia do Sobralinho (UDCAS) deixaram marca em mais uma competi\u00e7\u00e3o, desta vez no Pavilh\u00e3o Casal Vistoso.<\/p>\n                \n                \n                \n                \n        <\/div><!-- \/.entry-content -->\n    <\/div>\n<\/div>\n    <\/div>\n    <!-- \/.post-content -->\n    \n<\/article>\n<!-- \/.post -->\n\n<\/div><!-- .builder-posts-wrap -->\n            <div class=\"pagenav tf_clear tf_box tf_textr tf_clearfix\"> <span class=\"number current\">1<\/span> <a href=\"https:\/\/udcas.pt\/site\/wp-json\/wp\/v2\/pages\/968\/page\/2\/\" class=\"number\">2<\/a><\/div>        <\/div>\n    <!-- \/module post -->\n                    <\/div><!-- .tb-column-inner -->\n                            <\/div><!-- .module_column -->\n            \t    <\/div><!-- .row_inner -->\n\t<\/div><!-- .module_row -->\n\t<\/div>\n<!--\/themify_builder_content-->","protected":false},"excerpt":{"rendered":"<p>Not\u00edcias<\/p>\n","protected":false},"author":1,"featured_media":0,"parent":0,"menu_order":0,"comment_status":"closed","ping_status":"closed","template":"","meta":{"_uag_custom_page_level_css":"","footnotes":""},"class_list":["post-968","page","type-page","status-publish","hentry","has-post-title","has-post-date","has-post-category","has-post-tag","has-post-comment","has-post-author",""],"uagb_featured_image_src":{"full":false,"thumbnail":false,"medium":false,"medium_large":false,"large":false,"1536x1536":false,"2048x2048":false},"uagb_author_info":{"display_name":"ADM_UDCAS","author_link":"https:\/\/udcas.pt\/site\/author\/adm_udcas\/"},"uagb_comment_info":0,"uagb_excerpt":"Not\u00edcias","builder_content":"<h1><strong>Not\u00edcias<\/strong><\/h1>","_links":{"self":[{"href":"https:\/\/udcas.pt\/site\/wp-json\/wp\/v2\/pages\/968","targetHints":{"allow":["GET"]}}],"collection":[{"href":"https:\/\/udcas.pt\/site\/wp-json\/wp\/v2\/pages"}],"about":[{"href":"https:\/\/udcas.pt\/site\/wp-json\/wp\/v2\/types\/page"}],"author":[{"embeddable":true,"href":"https:\/\/udcas.pt\/site\/wp-json\/wp\/v2\/users\/1"}],"replies":[{"embeddable":true,"href":"https:\/\/udcas.pt\/site\/wp-json\/wp\/v2\/comments?post=968"}],"version-history":[{"count":6,"href":"https:\/\/udcas.pt\/site\/wp-json\/wp\/v2\/pages\/968\/revisions"}],"predecessor-version":[{"id":980,"href":"https:\/\/udcas.pt\/site\/wp-json\/wp\/v2\/pages\/968\/revisions\/980"}],"wp:attachment":[{"href":"https:\/\/udcas.pt\/site\/wp-json\/wp\/v2\/media?parent=968"}],"curies":[{"name":"wp","href":"https:\/\/api.w.org\/{rel}","templated":true}]}}